{"id":24371,"date":"2025-04-09T10:47:51","date_gmt":"2025-04-09T10:47:51","guid":{"rendered":"https:\/\/freeshopswiss.alesca.org\/shop\/clarins-hydra-essentiel-baume-levres-reparateur-15ml\/"},"modified":"2025-04-09T10:55:16","modified_gmt":"2025-04-09T10:55:16","slug":"clarins-hydra-essentiel-baume-levres-reparateur-15ml","status":"publish","type":"product","link":"https:\/\/www.freeshopfrontiera.ch\/fr\/shop\/clarins-hydra-essentiel-baume-levres-reparateur-15ml\/","title":{"rendered":"CLARINS Hydra-Essentiel Baume Levres Reparateur 15ml"},"content":{"rendered":"<p class=\"\" data-start=\"1688\" data-end=\"2075\">Le <strong data-start=\"1691\" data-end=\"1747\">Baume L\u00e8vres R\u00e9parateur Clarins Hydra-Essentiel 15ml<\/strong> est bien plus qu\u2019un simple soin pour les l\u00e8vres : c\u2019est un traitement complet qui <strong data-start=\"1830\" data-end=\"1861\">r\u00e9pare, repulpe et illumine<\/strong> en un seul geste. Enrichi en <strong data-start=\"1891\" data-end=\"1913\">acide hyaluronique<\/strong> et en ingr\u00e9dients d\u2019origine naturelle, ce baume lutte efficacement contre la s\u00e9cheresse, les ger\u00e7ures et la perte de volume, pour un confort imm\u00e9diat et durable.<\/p>\n<p class=\"\" data-start=\"2077\" data-end=\"2481\">Sa <strong data-start=\"2080\" data-end=\"2109\">texture riche et fondante<\/strong> enveloppe les l\u00e8vres dans un voile protecteur qui les isole des agressions ext\u00e9rieures comme le froid, le vent ou les changements de temp\u00e9rature. Au c\u0153ur de sa formule, la <strong data-start=\"2282\" data-end=\"2311\">Hyaluronic Lip Technology<\/strong> allie <strong data-start=\"2318\" data-end=\"2359\">perles v\u00e9g\u00e9tales d\u2019acide hyaluronique<\/strong> et <strong data-start=\"2363\" data-end=\"2386\">peptides repulpants<\/strong>. Ces actifs redonnent aux l\u00e8vres un aspect plus lisse, plus rebondi et naturellement \u00e9clatant.<\/p>\n<p class=\"\" data-start=\"2483\" data-end=\"2844\">L\u2019<strong data-start=\"2485\" data-end=\"2509\">extrait de cacao bio<\/strong> hydrate intens\u00e9ment et nourrit la peau en profondeur, tandis que d&rsquo;autres agents \u00e9mollients r\u00e9parent et apaisent les l\u00e8vres ab\u00eem\u00e9es. D\u00e8s la premi\u00e8re application, les l\u00e8vres retrouvent leur <strong data-start=\"2699\" data-end=\"2759\">souplesse, leur douceur et un aspect visiblement repulp\u00e9<\/strong>. Jour apr\u00e8s jour, elles deviennent plus belles, plus r\u00e9sistantes et plus lumineuses.<\/p>\n<p class=\"\" data-start=\"2846\" data-end=\"3084\">Id\u00e9al pour un usage quotidien ou comme soin intensif de nuit, ce baume est l\u2019alli\u00e9 indispensable pour des l\u00e8vres <strong data-start=\"2959\" data-end=\"2996\">hydrat\u00e9es, prot\u00e9g\u00e9es et sublim\u00e9es<\/strong>, tout au long de l\u2019ann\u00e9e. La formule non collante laisse un fini d\u00e9licatement brillant.<\/p>\n<p class=\"\" data-start=\"3086\" data-end=\"3242\">Avec le <strong data-start=\"3094\" data-end=\"3137\">Baume L\u00e8vres Hydra-Essentiel de Clarins<\/strong>, vos l\u00e8vres r\u00e9v\u00e8lent toute leur beaut\u00e9 : <strong data-start=\"3179\" data-end=\"3241\">plus pulpeuses, plus lumineuses, tout simplement parfaites<\/strong>.<\/p>\n<p data-start=\"1610\" data-end=\"1829\">Follow us!\u00a0<a href=\"https:\/\/www.instagram.com\/freeshopswiss\/\" target=\"_blank\" rel=\"noopener\">@freeshopswiss<\/a><\/p>\n","protected":false},"excerpt":{"rendered":"<p>Le Baume L\u00e8vres R\u00e9parateur Clarins Hydra-Essentiel 15ml est bien plus qu\u2019un simple soin pour les l\u00e8vres : c\u2019est un traitement complet qui r\u00e9pare, repulpe et illumine en un seul geste. Enrichi en acide hyaluronique et en ingr\u00e9dients d\u2019origine naturelle, ce baume lutte efficacement contre la s\u00e9cheresse, les ger\u00e7ures et la perte de volume, pour un [&hellip;]<\/p>\n","protected":false},"featured_media":24359,"comment_status":"open","ping_status":"closed","template":"","meta":[],"pwb-brand":[311],"product_brand":[],"product_cat":[109,295,545],"product_tag":[296,417,301],"class_list":{"0":"post-24371","1":"product","2":"type-product","3":"status-publish","4":"has-post-thumbnail","6":"pwb-brand-clarins","7":"product_cat-pour-elle","8":"product_cat-traitements","9":"product_cat-soin-du-visage","10":"product_tag-femme","11":"product_tag-soins-fr","12":"product_tag-soins-du-visage","14":"first","15":"instock","16":"sale","17":"taxable","18":"shipping-taxable","19":"purchasable","20":"product-type-simple"},"brands":[{"id":311,"name":"Clarins","slug":"clarins"}],"_links":{"self":[{"href":"https:\/\/www.freeshopfrontiera.ch\/fr\/wp-json\/wp\/v2\/product\/24371","targetHints":{"allow":["GET"]}}],"collection":[{"href":"https:\/\/www.freeshopfrontiera.ch\/fr\/wp-json\/wp\/v2\/product"}],"about":[{"href":"https:\/\/www.freeshopfrontiera.ch\/fr\/wp-json\/wp\/v2\/types\/product"}],"replies":[{"embeddable":true,"href":"https:\/\/www.freeshopfrontiera.ch\/fr\/wp-json\/wp\/v2\/comments?post=24371"}],"version-history":[{"count":1,"href":"https:\/\/www.freeshopfrontiera.ch\/fr\/wp-json\/wp\/v2\/product\/24371\/revisions"}],"predecessor-version":[{"id":24375,"href":"https:\/\/www.freeshopfrontiera.ch\/fr\/wp-json\/wp\/v2\/product\/24371\/revisions\/24375"}],"wp:featuredmedia":[{"embeddable":true,"href":"https:\/\/www.freeshopfrontiera.ch\/fr\/wp-json\/wp\/v2\/media\/24359"}],"wp:attachment":[{"href":"https:\/\/www.freeshopfrontiera.ch\/fr\/wp-json\/wp\/v2\/media?parent=24371"}],"wp:term":[{"taxonomy":"pwb-brand","embeddable":true,"href":"https:\/\/www.freeshopfrontiera.ch\/fr\/wp-json\/wp\/v2\/pwb-brand?post=24371"},{"taxonomy":"product_brand","embeddable":true,"href":"https:\/\/www.freeshopfrontiera.ch\/fr\/wp-json\/wp\/v2\/product_brand?post=24371"},{"taxonomy":"product_cat","embeddable":true,"href":"https:\/\/www.freeshopfrontiera.ch\/fr\/wp-json\/wp\/v2\/product_cat?post=24371"},{"taxonomy":"product_tag","embeddable":true,"href":"https:\/\/www.freeshopfrontiera.ch\/fr\/wp-json\/wp\/v2\/product_tag?post=24371"}],"curies":[{"name":"wp","href":"https:\/\/api.w.org\/{rel}","templated":true}]}}