{"id":28383,"date":"2025-04-25T13:36:32","date_gmt":"2025-04-25T13:36:32","guid":{"rendered":"https:\/\/www.freeshopfrontiera.ch\/shop\/grace-day-aloe-cellulose-mask-1-sheet-27g\/"},"modified":"2025-04-25T13:42:05","modified_gmt":"2025-04-25T13:42:05","slug":"grace-day-aloe-cellulose-mask-1-sheet-27g","status":"publish","type":"product","link":"https:\/\/www.freeshopfrontiera.ch\/fr\/shop\/grace-day-aloe-cellulose-mask-1-sheet-27g\/","title":{"rendered":"GRACE DAY Aloe Cellulose Mask 1 sheet (27g)"},"content":{"rendered":"<p class=\"\" data-start=\"1650\" data-end=\"2009\">Le <strong data-start=\"1653\" data-end=\"1682\">Masque Cellulose \u00e0 l&rsquo;Aloe<\/strong> de <strong data-start=\"1686\" data-end=\"1699\">Grace Day<\/strong> est un masque en tissu \u00e0 usage unique enrichi en <strong data-start=\"1749\" data-end=\"1772\">extrait d&rsquo;aloe vera<\/strong>, reconnu pour ses propri\u00e9t\u00e9s apaisantes, hydratantes et r\u00e9g\u00e9n\u00e9rantes. Ce masque est id\u00e9al pour la peau qui a besoin d&rsquo;un soin rafra\u00eechissant et calmant, particuli\u00e8rement adapt\u00e9 aux peaux sensibles, irrit\u00e9es ou endommag\u00e9es par le soleil.<\/p>\n<p class=\"\" data-start=\"2011\" data-end=\"2321\">L&rsquo;<strong data-start=\"2013\" data-end=\"2026\">aloe vera<\/strong> est riche en vitamines, min\u00e9raux et acides amin\u00e9s qui nourrissent et r\u00e9g\u00e9n\u00e8rent la peau, l&rsquo;aidant \u00e0 se remettre du stress et de la d\u00e9shydratation. Gr\u00e2ce \u00e0 son pouvoir hydratant, l&rsquo;aloe aide \u00e0 restaurer l&rsquo;\u00e9quilibre naturel en eau de la peau, lui donnant une sensation de fra\u00eecheur et de douceur.<\/p>\n<p class=\"\" data-start=\"2323\" data-end=\"2645\">Le <strong data-start=\"2326\" data-end=\"2358\">tissu en cellulose naturelle<\/strong> s&rsquo;adapte parfaitement aux contours du visage, permettant aux ingr\u00e9dients actifs de p\u00e9n\u00e9trer en profondeur, sans laisser de r\u00e9sidus collants. La texture l\u00e9g\u00e8re et rafra\u00eechissante du s\u00e9rum offre une hydratation imm\u00e9diate et durable, laissant la peau visiblement plus tonique et lumineuse.<\/p>\n<p class=\"\" data-start=\"2647\" data-end=\"2845\"><strong data-start=\"2647\" data-end=\"2664\">Mode d&#8217;emploi<\/strong> : Apr\u00e8s avoir nettoy\u00e9 votre visage, appliquez le masque et laissez-le poser pendant 15 \u00e0 20 minutes. Retirez-le et massez d\u00e9licatement le s\u00e9rum restant jusqu&rsquo;\u00e0 absorption compl\u00e8te.<\/p>\n<p class=\"\" data-start=\"2847\" data-end=\"2989\">Parfait pour un soin hebdomadaire ou pour apaiser la peau apr\u00e8s une journ\u00e9e intense, ce masque est id\u00e9al pour les peaux sensibles ou irrit\u00e9es.<\/p>\n<p class=\"\" data-start=\"2991\" data-end=\"3073\">Avec son format pratique de <strong data-start=\"3019\" data-end=\"3038\">1 feuille (27g)<\/strong>, il est facile \u00e0 emporter partout.<\/p>\n<p class=\"\" data-start=\"3075\" data-end=\"3195\">D\u00e9couvrez le <strong data-start=\"3088\" data-end=\"3117\">Masque Cellulose \u00e0 l&rsquo;Aloe<\/strong> de Grace Day : le soin parfait pour une peau hydrat\u00e9e, apais\u00e9e et rafra\u00eechie.<\/p>\n<p data-start=\"1469\" data-end=\"1586\">Follow us! <a href=\"https:\/\/www.instagram.com\/freeshopswiss\/\" target=\"_blank\" rel=\"noopener\">@freeshopswiss<\/a><\/p>\n","protected":false},"excerpt":{"rendered":"<p>Le Masque Cellulose \u00e0 l&rsquo;Aloe de Grace Day est un masque en tissu \u00e0 usage unique enrichi en extrait d&rsquo;aloe vera, reconnu pour ses propri\u00e9t\u00e9s apaisantes, hydratantes et r\u00e9g\u00e9n\u00e9rantes. Ce masque est id\u00e9al pour la peau qui a besoin d&rsquo;un soin rafra\u00eechissant et calmant, particuli\u00e8rement adapt\u00e9 aux peaux sensibles, irrit\u00e9es ou endommag\u00e9es par le soleil. [&hellip;]<\/p>\n","protected":false},"featured_media":28379,"comment_status":"open","ping_status":"closed","template":"","meta":[],"pwb-brand":[945],"product_brand":[],"product_cat":[109,295,3768,545],"product_tag":[296,3611,417,301],"class_list":{"0":"post-28383","1":"product","2":"type-product","3":"status-publish","4":"has-post-thumbnail","6":"pwb-brand-grace-day","7":"product_cat-pour-elle","8":"product_cat-traitements","9":"product_cat-k-beauty-fr","10":"product_cat-soin-du-visage","11":"product_tag-femme","12":"product_tag-k-beauty-fr","13":"product_tag-soins-fr","14":"product_tag-soins-du-visage","16":"first","17":"outofstock","18":"sale","19":"taxable","20":"shipping-taxable","21":"purchasable","22":"product-type-simple"},"brands":[{"id":945,"name":"Grace Day","slug":"grace-day"}],"_links":{"self":[{"href":"https:\/\/www.freeshopfrontiera.ch\/fr\/wp-json\/wp\/v2\/product\/28383","targetHints":{"allow":["GET"]}}],"collection":[{"href":"https:\/\/www.freeshopfrontiera.ch\/fr\/wp-json\/wp\/v2\/product"}],"about":[{"href":"https:\/\/www.freeshopfrontiera.ch\/fr\/wp-json\/wp\/v2\/types\/product"}],"replies":[{"embeddable":true,"href":"https:\/\/www.freeshopfrontiera.ch\/fr\/wp-json\/wp\/v2\/comments?post=28383"}],"version-history":[{"count":2,"href":"https:\/\/www.freeshopfrontiera.ch\/fr\/wp-json\/wp\/v2\/product\/28383\/revisions"}],"predecessor-version":[{"id":28391,"href":"https:\/\/www.freeshopfrontiera.ch\/fr\/wp-json\/wp\/v2\/product\/28383\/revisions\/28391"}],"wp:featuredmedia":[{"embeddable":true,"href":"https:\/\/www.freeshopfrontiera.ch\/fr\/wp-json\/wp\/v2\/media\/28379"}],"wp:attachment":[{"href":"https:\/\/www.freeshopfrontiera.ch\/fr\/wp-json\/wp\/v2\/media?parent=28383"}],"wp:term":[{"taxonomy":"pwb-brand","embeddable":true,"href":"https:\/\/www.freeshopfrontiera.ch\/fr\/wp-json\/wp\/v2\/pwb-brand?post=28383"},{"taxonomy":"product_brand","embeddable":true,"href":"https:\/\/www.freeshopfrontiera.ch\/fr\/wp-json\/wp\/v2\/product_brand?post=28383"},{"taxonomy":"product_cat","embeddable":true,"href":"https:\/\/www.freeshopfrontiera.ch\/fr\/wp-json\/wp\/v2\/product_cat?post=28383"},{"taxonomy":"product_tag","embeddable":true,"href":"https:\/\/www.freeshopfrontiera.ch\/fr\/wp-json\/wp\/v2\/product_tag?post=28383"}],"curies":[{"name":"wp","href":"https:\/\/api.w.org\/{rel}","templated":true}]}}